{"id":491,"date":"2017-01-25T12:55:19","date_gmt":"2017-01-25T12:55:19","guid":{"rendered":"http:\/\/www.les-travers-du-vent.ch\/?page_id=491"},"modified":"2017-01-25T12:55:19","modified_gmt":"2017-01-25T12:55:19","slug":"la-faune-en-peril","status":"publish","type":"page","link":"https:\/\/www.les-travers-du-vent.ch\/index.php\/paysages-menaces\/la-faune-en-peril\/","title":{"rendered":"La faune en p\u00e9ril"},"content":{"rendered":"<p>Une <a href=\"http:\/\/www.les-travers-du-vent.ch\/wp-content\/uploads\/2017\/01\/Impacts_cumules_faune_2016.pdf\" target=\"_blank\"><strong>\u00e9tude portant sur 13 projets \u00e9oliens<\/strong><\/a> totalisant 145 machines r\u00e9parties dans les cantons de Vaud et de Neuch\u00e2tel le prouve\u00a0: l\u2019industrialisation \u00e9olienne de l\u2019arc jurassien constitue un d\u00e9sastre pour la faune ail\u00e9e. Pour certaines esp\u00e8ces, 10% de la population serait mise en p\u00e9ril par la construction des parcs \u00e9oliens pr\u00e9vus. Le Grand t\u00e9tras, l\u2019Alouette lulu et le Hibou grand-duc sont purement et simplement menac\u00e9s de disparition.<\/p>\n<p>Comme les parcs \u00e9oliens ont \u00e9t\u00e9 anonymis\u00e9s \u00e0 la demande des promoteurs (tels le Groupe E Greenwatt), qui continuent \u00e0 refuser de voir la r\u00e9alit\u00e9 en face, on ne dispose pas de donn\u00e9es pr\u00e9cises sur le Val-de-Travers. La conclusion g\u00e9n\u00e9rale de l\u2019\u00e9tude, dirig\u00e9e par la Station ornithologique suisse de Sempach, en dit cependant suffisamment long\u00a0:<\/p>\n<p><strong><em>\u00ab\u00a0L\u2019analyse montre que la totalit\u00e9 des \u00e9oliennes pr\u00e9vues sur la zone d\u2019\u00e9tude est passible d&rsquo;avoir des effets n\u00e9gatifs importants sur l\u2019\u00e9volution des populations de toutes les esp\u00e8ces \u00e9tudi\u00e9es du fait de perte d\u2019habitat ou de collisions. Les impacts n\u00e9gatifs r\u00e9els seront tr\u00e8s probablement plus importants que ceux d\u00e9peints dans l\u2019\u00e9tude, parce que celle-ci n\u2019a pas pu prendre en compte la totalit\u00e9 des m\u00e9canismes responsables de ces influences n\u00e9gatives. Pour diminuer ces effets n\u00e9gatifs, certains parcs ou certaines \u00e9oliennes planifi\u00e9s ne devraient pas \u00eatre r\u00e9alis\u00e9es et les sites d\u2019installation des \u00e9oliennes devraient \u00eatre examin\u00e9s de nouveau avec soin\u00a0\u00bb.<\/em><\/strong><\/p>\n<p>Cette conclusion est d\u2019autant plus inqui\u00e9tante que les d\u00e9rangements induits par les \u00e9oliennes (fr\u00e9quentation accrue des sites, agriculture intensifi\u00e9e, am\u00e9nagement des chemins d\u2019acc\u00e8s, impact de la construction des turbines et de l\u2019infrastructure autour des turbines, etc.), n\u2019a pas \u00e9t\u00e9 int\u00e9gr\u00e9e dans l\u2019\u00e9tude.<\/p>\n<p><img decoding=\"async\" src=\"http:\/\/www.les-travers-du-vent.ch\/wp-content\/uploads\/2017\/01\/milan-royal.jpg\" \/><\/p>\n","protected":false},"excerpt":{"rendered":"<p>Une \u00e9tude portant sur 13 projets \u00e9oliens totalisant 145 machines r\u00e9parties dans les cantons de Vaud et de Neuch\u00e2tel le prouve\u00a0: l\u2019industrialisation \u00e9olienne de l\u2019arc jurassien constitue un d\u00e9sastre pour la faune ail\u00e9e. Pour certaines esp\u00e8ces, 10% de la population serait mise en p\u00e9ril par la construction des parcs \u00e9oliens pr\u00e9vus. Le Grand t\u00e9tras, l\u2019Alouette &hellip; <\/p>\n<p class=\"link-more\"><a href=\"https:\/\/www.les-travers-du-vent.ch\/index.php\/paysages-menaces\/la-faune-en-peril\/\" class=\"more-link\">Continuer la lecture<span class=\"screen-reader-text\"> de &laquo;&nbsp;La faune en p\u00e9ril&nbsp;&raquo;<\/span><\/a><\/p>\n","protected":false},"author":1,"featured_media":0,"parent":215,"menu_order":0,"comment_status":"closed","ping_status":"closed","template":"","meta":{"footnotes":""},"class_list":["post-491","page","type-page","status-publish","hentry"],"_links":{"self":[{"href":"https:\/\/www.les-travers-du-vent.ch\/index.php\/wp-json\/wp\/v2\/pages\/491","targetHints":{"allow":["GET"]}}],"collection":[{"href":"https:\/\/www.les-travers-du-vent.ch\/index.php\/wp-json\/wp\/v2\/pages"}],"about":[{"href":"https:\/\/www.les-travers-du-vent.ch\/index.php\/wp-json\/wp\/v2\/types\/page"}],"author":[{"embeddable":true,"href":"https:\/\/www.les-travers-du-vent.ch\/index.php\/wp-json\/wp\/v2\/users\/1"}],"replies":[{"embeddable":true,"href":"https:\/\/www.les-travers-du-vent.ch\/index.php\/wp-json\/wp\/v2\/comments?post=491"}],"version-history":[{"count":3,"href":"https:\/\/www.les-travers-du-vent.ch\/index.php\/wp-json\/wp\/v2\/pages\/491\/revisions"}],"predecessor-version":[{"id":494,"href":"https:\/\/www.les-travers-du-vent.ch\/index.php\/wp-json\/wp\/v2\/pages\/491\/revisions\/494"}],"up":[{"embeddable":true,"href":"https:\/\/www.les-travers-du-vent.ch\/index.php\/wp-json\/wp\/v2\/pages\/215"}],"wp:attachment":[{"href":"https:\/\/www.les-travers-du-vent.ch\/index.php\/wp-json\/wp\/v2\/media?parent=491"}],"curies":[{"name":"wp","href":"https:\/\/api.w.org\/{rel}","templated":true}]}}