{"id":6,"date":"2016-03-10T15:52:59","date_gmt":"2016-03-10T15:52:59","guid":{"rendered":"http:\/\/www.les-travers-du-vent.ch\/?p=6"},"modified":"2018-06-04T08:43:04","modified_gmt":"2018-06-04T08:43:04","slug":"buts-de-lassociation","status":"publish","type":"page","link":"https:\/\/www.les-travers-du-vent.ch\/index.php\/buts-de-lassociation\/","title":{"rendered":"Buts de l&rsquo;association"},"content":{"rendered":"<p>L&rsquo;association \u00ab LES TRAVERS DU VENT \u00bb a pour but la sauvegarde des cr\u00eates et des plateaux du Val-de-Travers. Elle est une association sans but lucratif, au sens des articles 60 ss du CCS avec si\u00e8ge au domicile du Pr\u00e9sident, soit rue du Cottage 7, 2114 Fleurier.<\/p>\n<p>Ses buts consistent en particulier \u00e0 :<\/p>\n<ul>\n<li>Lutter pour pr\u00e9server le Val-de-Travers contre toute construction susceptible de mettre en p\u00e9ril ses qualit\u00e9s naturelles, en particulier la construction de parcs \u00e9oliens industriels.<\/li>\n<li>Promouvoir le patrimoine naturel de la r\u00e9gion, son rayonnement et son attrait \u00e9conomique et touristique.<\/li>\n<li>Informer et sensibiliser la population sur la situation unique de ces lieux pr\u00e9serv\u00e9s et qui, outre leur vocation traditionnelle de r\u00e9gion paysanne et de montagne, sont particuli\u00e8rement favorables au tourisme doux.<\/li>\n<li>Pr\u00e9server la faune et la flore de toute inquisition mena\u00e7ante pour leur reproduction et leur habitat naturel.<\/li>\n<\/ul>\n<p>voir notre flyer: <a href=\"http:\/\/www.les-travers-du-vent.ch\/wp-content\/uploads\/2018\/06\/TdV_flyer.pdf\" target=\"_blank\" rel=\"noopener\"><strong>ici<\/strong><\/a><\/p>\n","protected":false},"excerpt":{"rendered":"<p>L&rsquo;association \u00ab LES TRAVERS DU VENT \u00bb a pour but la sauvegarde des cr\u00eates et des plateaux du Val-de-Travers. Elle est une association sans but lucratif, au sens des articles 60 ss du CCS avec si\u00e8ge au domicile du Pr\u00e9sident, soit rue du Cottage 7, 2114 Fleurier. Ses buts consistent en particulier \u00e0 : Lutter &hellip; <\/p>\n<p class=\"link-more\"><a href=\"https:\/\/www.les-travers-du-vent.ch\/index.php\/buts-de-lassociation\/\" class=\"more-link\">Continuer la lecture<span class=\"screen-reader-text\"> de &laquo;&nbsp;Buts de l&rsquo;association&nbsp;&raquo;<\/span><\/a><\/p>\n","protected":false},"author":1,"featured_media":0,"parent":0,"menu_order":0,"comment_status":"open","ping_status":"open","template":"","meta":{"footnotes":""},"class_list":["post-6","page","type-page","status-publish","hentry"],"_links":{"self":[{"href":"https:\/\/www.les-travers-du-vent.ch\/index.php\/wp-json\/wp\/v2\/pages\/6","targetHints":{"allow":["GET"]}}],"collection":[{"href":"https:\/\/www.les-travers-du-vent.ch\/index.php\/wp-json\/wp\/v2\/pages"}],"about":[{"href":"https:\/\/www.les-travers-du-vent.ch\/index.php\/wp-json\/wp\/v2\/types\/page"}],"author":[{"embeddable":true,"href":"https:\/\/www.les-travers-du-vent.ch\/index.php\/wp-json\/wp\/v2\/users\/1"}],"replies":[{"embeddable":true,"href":"https:\/\/www.les-travers-du-vent.ch\/index.php\/wp-json\/wp\/v2\/comments?post=6"}],"version-history":[{"count":11,"href":"https:\/\/www.les-travers-du-vent.ch\/index.php\/wp-json\/wp\/v2\/pages\/6\/revisions"}],"predecessor-version":[{"id":601,"href":"https:\/\/www.les-travers-du-vent.ch\/index.php\/wp-json\/wp\/v2\/pages\/6\/revisions\/601"}],"wp:attachment":[{"href":"https:\/\/www.les-travers-du-vent.ch\/index.php\/wp-json\/wp\/v2\/media?parent=6"}],"curies":[{"name":"wp","href":"https:\/\/api.w.org\/{rel}","templated":true}]}}