{"id":835,"date":"2021-10-01T10:58:58","date_gmt":"2021-10-01T10:58:58","guid":{"rendered":"https:\/\/www.les-travers-du-vent.ch\/?page_id=835"},"modified":"2021-10-01T11:05:21","modified_gmt":"2021-10-01T11:05:21","slug":"notre-logo-cest-guznag","status":"publish","type":"page","link":"https:\/\/www.les-travers-du-vent.ch\/index.php\/notre-logo-cest-guznag\/","title":{"rendered":"Notre logo, c&rsquo;est Guznag"},"content":{"rendered":"\n<p>Le Logo de l&rsquo;association Les Travers du vent est l\u2019\u0153uvre du dessinateur jurassien Guznag, alias Julien Schmid. N\u00e9 \u00e0 Neuch\u00e2tel en 1985, l&rsquo;artiste s&rsquo;est \u00e9tabli \u00e0 Porrentruy. Au-del\u00e0 de ses nombreux mandats de commande, il est le dessinateur du journal satirique <em>La Tuile<\/em>. <\/p>\n\n\n\n<div class=\"wp-block-image\"><figure class=\"aligncenter size-full is-resized\"><img loading=\"lazy\" decoding=\"async\" src=\"https:\/\/www.les-travers-du-vent.ch\/wp-content\/uploads\/2021\/10\/logo-de-Guznag.jpg\" alt=\"\" class=\"wp-image-822\" width=\"410\" height=\"469\" srcset=\"https:\/\/www.les-travers-du-vent.ch\/wp-content\/uploads\/2021\/10\/logo-de-Guznag.jpg 593w, https:\/\/www.les-travers-du-vent.ch\/wp-content\/uploads\/2021\/10\/logo-de-Guznag-262x300.jpg 262w\" sizes=\"auto, (max-width: 410px) 100vw, 410px\" \/><\/figure><\/div>\n\n\n\n<p>Guznag s\u2019est fait un nom ces derni\u00e8res ann\u00e9es, \u00e0 tel point qu\u2019il s\u2019exporte d\u00e9sormais \u00e0 Paris. Son coup de crayon a tap\u00e9 dans l\u2019\u0153il de la galerie parisienne Maghen, avec qui l&rsquo;artiste collabore depuis plusieurs ann\u00e9es. En 2018, une de ses illustrations a trouv\u00e9 preneur lors d&rsquo;une vente organis\u00e9e par Christie&rsquo;s, \u00e0 Paris.<\/p>\n\n\n\n<p>Pour Pierre-Andr\u00e9 Marchand, figure embl\u00e9matique de <em>La Tuile<\/em>, si certains viennent au monde avec une cuill\u00e8re en argent dans le bec, Julien Schmidt est n\u00e9 lui \u00ab\u00a0avec un crayon sur l&rsquo;oreille et de l&rsquo;or dans les menottes\u00a0\u00bb. D\u00e9couvrez <strong><a href=\"https:\/\/www.les-travers-du-vent.ch\/wp-content\/uploads\/2021\/10\/asj-006_2013_116__23_d.pdf\" target=\"_blank\" rel=\"noreferrer noopener\">ici<\/a><\/strong> le bel hommage qu&rsquo;il rend \u00e0 son dessinateur dans les Actes de la Soci\u00e9t\u00e9 jurassienne d&rsquo;\u00e9mulation. <\/p>\n\n\n\n<p>Ecoutez guznag sur la RTS, dans l&rsquo;\u00e9mission A l&rsquo;abordage, en 2017: <strong><a href=\"https:\/\/www.rts.ch\/audio-podcast\/2021\/audio\/humans-of-suisse-romande-julien-dit-guznag-32-ans-porrentruy-25490100.html\" target=\"_blank\" rel=\"noreferrer noopener\">ici<\/a><\/strong>. <\/p>\n\n\n\n<p><\/p>\n","protected":false},"excerpt":{"rendered":"<p>Le Logo de l&rsquo;association Les Travers du vent est l\u2019\u0153uvre du dessinateur jurassien Guznag, alias Julien Schmid. N\u00e9 \u00e0 Neuch\u00e2tel en 1985, l&rsquo;artiste s&rsquo;est \u00e9tabli \u00e0 Porrentruy. Au-del\u00e0 de ses nombreux mandats de commande, il est le dessinateur du journal satirique La Tuile. Guznag s\u2019est fait un nom ces derni\u00e8res ann\u00e9es, \u00e0 tel point qu\u2019il &hellip; <\/p>\n<p class=\"link-more\"><a href=\"https:\/\/www.les-travers-du-vent.ch\/index.php\/notre-logo-cest-guznag\/\" class=\"more-link\">Continuer la lecture<span class=\"screen-reader-text\"> de &laquo;&nbsp;Notre logo, c&rsquo;est Guznag&nbsp;&raquo;<\/span><\/a><\/p>\n","protected":false},"author":1,"featured_media":0,"parent":0,"menu_order":0,"comment_status":"closed","ping_status":"closed","template":"","meta":{"footnotes":""},"class_list":["post-835","page","type-page","status-publish","hentry"],"_links":{"self":[{"href":"https:\/\/www.les-travers-du-vent.ch\/index.php\/wp-json\/wp\/v2\/pages\/835","targetHints":{"allow":["GET"]}}],"collection":[{"href":"https:\/\/www.les-travers-du-vent.ch\/index.php\/wp-json\/wp\/v2\/pages"}],"about":[{"href":"https:\/\/www.les-travers-du-vent.ch\/index.php\/wp-json\/wp\/v2\/types\/page"}],"author":[{"embeddable":true,"href":"https:\/\/www.les-travers-du-vent.ch\/index.php\/wp-json\/wp\/v2\/users\/1"}],"replies":[{"embeddable":true,"href":"https:\/\/www.les-travers-du-vent.ch\/index.php\/wp-json\/wp\/v2\/comments?post=835"}],"version-history":[{"count":5,"href":"https:\/\/www.les-travers-du-vent.ch\/index.php\/wp-json\/wp\/v2\/pages\/835\/revisions"}],"predecessor-version":[{"id":843,"href":"https:\/\/www.les-travers-du-vent.ch\/index.php\/wp-json\/wp\/v2\/pages\/835\/revisions\/843"}],"wp:attachment":[{"href":"https:\/\/www.les-travers-du-vent.ch\/index.php\/wp-json\/wp\/v2\/media?parent=835"}],"curies":[{"name":"wp","href":"https:\/\/api.w.org\/{rel}","templated":true}]}}